{"id":3908,"date":"2023-12-20T17:07:37","date_gmt":"2023-12-20T20:07:37","guid":{"rendered":"https:\/\/www.ischile.cl\/ischile2\/index.php\/member\/claudia-arlette-meza-narvaez-copy\/"},"modified":"2025-04-25T13:19:55","modified_gmt":"2025-04-25T16:19:55","slug":"gabriela-natalia-acuna-valdes","status":"publish","type":"member","link":"https:\/\/www.ischile.cl\/index.php\/member\/gabriela-natalia-acuna-valdes\/","title":{"rendered":"Gabriela Natalia Acu\u00f1a Vald\u00e9s"},"content":{"rendered":"<div class=\"wpb-content-wrapper\"><p>[vc_row][vc_column][vc_column_text]Terapeuta Ocupacional de la Universidad de Chile. Obtiene la certificaci\u00f3n chilena como especialista en Integraci\u00f3n Sensorial otorgada por ISChile el a\u00f1o 2014 (Reg.N\u00b017), la certificaci\u00f3n americana el a\u00f1o 2019 (USC, Reg. N\u00b01203) y se recertifica en Chile el a\u00f1o 2021 por mantener formaci\u00f3n continua y actualizaci\u00f3n en tem\u00e1ticas de Integraci\u00f3n Sensorial.<\/p>\n<p>Participa del directorio de ISChile (2015-2016) y de comisiones de Certificaci\u00f3n Chilena (2018-2019) y de Investigaci\u00f3n (2019 a la fecha). Adem\u00e1s, forma parte del grupo de creadores y relatores del curso Introductorio a la teor\u00eda de Integraci\u00f3n Sensorial, parte inicial del programa de Certificaci\u00f3n de ISChile.<\/p>\n<p>Cuenta con experiencia en poblaci\u00f3n infantojuvenil en el \u00e1rea de Salud Mental, en colegios con PIE, colegio especial para ni\u00f1os y j\u00f3venes autistas, colegio para ni\u00f1os sordos y pr\u00e1ctica privada.\u00a0 Con formaci\u00f3n en Trastornos del Espectro Autista a trav\u00e9s de cursos, seminarios y talleres, tanto en intervenci\u00f3n temprana como en adolescentes (Floortime, Jasper, PEERS, CMRS, IS, Mujeres EA, HHSS, entre otros). Se desempe\u00f1a actualmente en Centro Pasos.[\/vc_column_text][vc_column_text]CORREO DE CONTACTO:\u00a0\u00a0<strong>redescentropasos@gmail.com<\/strong><\/p>\n<p>REGISTRO NACIONAL DE PRESTADORES DE SALUD: 37816[\/vc_column_text][\/vc_column][\/vc_row]<\/p>\n<\/div>","protected":false},"featured_media":3909,"menu_order":0,"comment_status":"closed","ping_status":"closed","template":"","member_cat":[],"class_list":["post-3908","member","type-member","status-publish","has-post-thumbnail","hentry"],"acf":[],"_links":{"self":[{"href":"https:\/\/www.ischile.cl\/index.php\/wp-json\/wp\/v2\/member\/3908","targetHints":{"allow":["GET"]}}],"collection":[{"href":"https:\/\/www.ischile.cl\/index.php\/wp-json\/wp\/v2\/member"}],"about":[{"href":"https:\/\/www.ischile.cl\/index.php\/wp-json\/wp\/v2\/types\/member"}],"replies":[{"embeddable":true,"href":"https:\/\/www.ischile.cl\/index.php\/wp-json\/wp\/v2\/comments?post=3908"}],"wp:featuredmedia":[{"embeddable":true,"href":"https:\/\/www.ischile.cl\/index.php\/wp-json\/wp\/v2\/media\/3909"}],"wp:attachment":[{"href":"https:\/\/www.ischile.cl\/index.php\/wp-json\/wp\/v2\/media?parent=3908"}],"wp:term":[{"taxonomy":"member_cat","embeddable":true,"href":"https:\/\/www.ischile.cl\/index.php\/wp-json\/wp\/v2\/member_cat?post=3908"}],"curies":[{"name":"wp","href":"https:\/\/api.w.org\/{rel}","templated":true}]}}