{"id":3967,"date":"2023-12-21T16:20:29","date_gmt":"2023-12-21T19:20:29","guid":{"rendered":"https:\/\/www.ischile.cl\/ischile2\/index.php\/member\/maria-jose-nunez-castro-copy-copy\/"},"modified":"2025-04-21T13:00:32","modified_gmt":"2025-04-21T16:00:32","slug":"romina-isabel-nunez-carrasco","status":"publish","type":"member","link":"https:\/\/www.ischile.cl\/index.php\/member\/romina-isabel-nunez-carrasco\/","title":{"rendered":"Romina Isabel N\u00fa\u00f1ez Carrasco"},"content":{"rendered":"<div class=\"wpb-content-wrapper\"><p>[vc_row][vc_column][vc_column_text]CIUDAD\/COMUNA: Villa Alemana<\/p>\n<p>Terapeuta Ocupacional de la Universidad de Playa Ancha. Obtiene la certificaci\u00f3n chilena como especialista en Integraci\u00f3n Sensorial otorgada por ISChile (Reg.N\u00b0125) el a\u00f1o 2022.<\/p>\n<p>Diplomada en neurociencias para la educaci\u00f3n y diplomada en atenci\u00f3n temprana (a\u00f1os 2021 y 2022, U. Cat\u00f3lica del Maule). Acreditada en formaci\u00f3n cl\u00ednica del Autism Diagnostic Observational Schedule (ADOS-2, 2016) y en ADI-R, Entrevista para el Diagn\u00f3stico del Autismo (2023).<\/p>\n<p>Cuenta con experiencia cl\u00ednica desde el a\u00f1o 2012 en el \u00e1rea pedi\u00e1trica, con formaci\u00f3n complementaria para la intervenci\u00f3n de ni\u00f1os en el espectro del autismo, des\u00f3rdenes de procesamiento sensorial, con condiciones neuromotoras y problemas de alimentaci\u00f3n. Se desempe\u00f1a actualmente como terapeuta ocupacional y directora en Centro de Rehabilitaci\u00f3n neurol\u00f3gica integral ANKU.[\/vc_column_text][vc_column_text]CORREO DE CONTACTO:<strong> neuroankuvregion@gmail.com<br \/>\n<\/strong><\/p>\n<p>REGISTRO NACIONAL DE PRESTADORES DE SALUD: 180347[\/vc_column_text][\/vc_column][\/vc_row]<\/p>\n<\/div>","protected":false},"featured_media":3969,"menu_order":0,"comment_status":"closed","ping_status":"closed","template":"","member_cat":[],"class_list":["post-3967","member","type-member","status-publish","has-post-thumbnail","hentry"],"acf":[],"_links":{"self":[{"href":"https:\/\/www.ischile.cl\/index.php\/wp-json\/wp\/v2\/member\/3967","targetHints":{"allow":["GET"]}}],"collection":[{"href":"https:\/\/www.ischile.cl\/index.php\/wp-json\/wp\/v2\/member"}],"about":[{"href":"https:\/\/www.ischile.cl\/index.php\/wp-json\/wp\/v2\/types\/member"}],"replies":[{"embeddable":true,"href":"https:\/\/www.ischile.cl\/index.php\/wp-json\/wp\/v2\/comments?post=3967"}],"wp:featuredmedia":[{"embeddable":true,"href":"https:\/\/www.ischile.cl\/index.php\/wp-json\/wp\/v2\/media\/3969"}],"wp:attachment":[{"href":"https:\/\/www.ischile.cl\/index.php\/wp-json\/wp\/v2\/media?parent=3967"}],"wp:term":[{"taxonomy":"member_cat","embeddable":true,"href":"https:\/\/www.ischile.cl\/index.php\/wp-json\/wp\/v2\/member_cat?post=3967"}],"curies":[{"name":"wp","href":"https:\/\/api.w.org\/{rel}","templated":true}]}}