{"id":3995,"date":"2023-12-21T18:17:20","date_gmt":"2023-12-21T21:17:20","guid":{"rendered":"https:\/\/www.ischile.cl\/ischile2\/index.php\/member\/vanesa-constanza-bron-skewes-copy\/"},"modified":"2025-04-25T13:03:23","modified_gmt":"2025-04-25T16:03:23","slug":"daniela-andrea-tellez-rivera-puertomontt","status":"publish","type":"member","link":"https:\/\/www.ischile.cl\/index.php\/member\/daniela-andrea-tellez-rivera-puertomontt\/","title":{"rendered":"Daniela Andrea T\u00e9llez Rivera"},"content":{"rendered":"<div class=\"wpb-content-wrapper\"><p>[vc_row][vc_column][vc_column_text css=&#8221;&#8221;]Terapeuta Ocupacional de la Universidad Santo Tom\u00e1s. Obtiene la certificaci\u00f3n chilena como especialista en Integraci\u00f3n Sensorial otorgada por ISChile (Reg.N\u00b0101) el a\u00f1o 2021 y la certificaci\u00f3n americana el a\u00f1o 2019 (CLASI).<\/p>\n<p>Acreditada en formaci\u00f3n cl\u00ednica del Autism Diagnostic Observational Schedule (ADOS-2, 2022). Cuenta con experiencia cl\u00ednica desde el a\u00f1o 2018 con poblaci\u00f3n infantil con trastornos del neurodesarrollo principalmente, tales como Trastorno de espectro autista, trastornos de Integraci\u00f3n Sensorial, Deficit atencional con Hiperactividad, Trastornos conductuales, Selectividad alimentaria, entre otros. Se desempe\u00f1a actualmente en Cl\u00ednica Orofacial del Sur y Centro Neurocrece.[\/vc_column_text][vc_column_text]CORREO DE CONTACTO:<strong> terapeuta.danielatr@gmail.com<br \/>\n<\/strong><\/p>\n<p>REGISTRO NACIONAL DE PRESTADORES DE SALUD: 524544[\/vc_column_text][\/vc_column][\/vc_row]<\/p>\n<\/div>","protected":false},"featured_media":3997,"menu_order":0,"comment_status":"closed","ping_status":"closed","template":"","member_cat":[],"class_list":["post-3995","member","type-member","status-publish","has-post-thumbnail","hentry"],"acf":[],"_links":{"self":[{"href":"https:\/\/www.ischile.cl\/index.php\/wp-json\/wp\/v2\/member\/3995","targetHints":{"allow":["GET"]}}],"collection":[{"href":"https:\/\/www.ischile.cl\/index.php\/wp-json\/wp\/v2\/member"}],"about":[{"href":"https:\/\/www.ischile.cl\/index.php\/wp-json\/wp\/v2\/types\/member"}],"replies":[{"embeddable":true,"href":"https:\/\/www.ischile.cl\/index.php\/wp-json\/wp\/v2\/comments?post=3995"}],"wp:featuredmedia":[{"embeddable":true,"href":"https:\/\/www.ischile.cl\/index.php\/wp-json\/wp\/v2\/media\/3997"}],"wp:attachment":[{"href":"https:\/\/www.ischile.cl\/index.php\/wp-json\/wp\/v2\/media?parent=3995"}],"wp:term":[{"taxonomy":"member_cat","embeddable":true,"href":"https:\/\/www.ischile.cl\/index.php\/wp-json\/wp\/v2\/member_cat?post=3995"}],"curies":[{"name":"wp","href":"https:\/\/api.w.org\/{rel}","templated":true}]}}