{"id":4024,"date":"2023-12-22T12:10:59","date_gmt":"2023-12-22T15:10:59","guid":{"rendered":"https:\/\/www.ischile.cl\/ischile2\/index.php\/member\/veronica-andrea-olivares-vargas-copy\/"},"modified":"2025-04-21T18:07:58","modified_gmt":"2025-04-21T21:07:58","slug":"karla-paulina-lexutt-avila-lobarnechea","status":"publish","type":"member","link":"https:\/\/www.ischile.cl\/index.php\/member\/karla-paulina-lexutt-avila-lobarnechea\/","title":{"rendered":"Karla Paulina Lexutt \u00c1vila"},"content":{"rendered":"<div class=\"wpb-content-wrapper\"><p>[vc_row][vc_column][vc_column_text]Terapeuta Ocupacional de la Universidad de Chile. Obtiene la certificaci\u00f3n chilena como especialista en Integraci\u00f3n Sensorial otorgada por ISChile (Reg.N\u00b072) junto con la certificaci\u00f3n americana (USC, Reg. N\u00b01206) el a\u00f1o 2019.<\/p>\n<p>Diplomada en Psicomotricidad, desarrollo y juego (UDD). Terapeuta ocupacional con herramientas avanzadas en intervenci\u00f3n biling\u00fce (English).<\/p>\n<p>Cuenta con experiencia cl\u00ednica desde el a\u00f1o 2012 con ni\u00f1os, ni\u00f1as y adolescentes con desaf\u00edos en su desarrollo; tanto en jardines infantiles, colegios, centros p\u00fablicos, privados y a domicilio. Experiencia en atenci\u00f3n temprana de beb\u00e9s con diferencias de procesamiento sensorial a partir de los 4 meses de edad. Se desempe\u00f1a actualmente como coordinadora cl\u00ednica del Learning Resource Center en Internacional School Nido de \u00c1guilas y participa de los Programas de Neurodesarrollo, Trastornos de la Alimentaci\u00f3n Infantil y Seguimiento del Prematuro en Cl\u00ednica Alemana de La Dehesa.[\/vc_column_text][vc_column_text]CORREO DE CONTACTO:<strong> ot.karlalexutt@gmail.com<br \/>\n<\/strong><\/p>\n<p>REGISTRO NACIONAL DE PRESTADORES DE SALUD: 199423[\/vc_column_text][\/vc_column][\/vc_row]<\/p>\n<\/div>","protected":false},"featured_media":4026,"menu_order":0,"comment_status":"closed","ping_status":"closed","template":"","member_cat":[],"class_list":["post-4024","member","type-member","status-publish","has-post-thumbnail","hentry"],"acf":[],"_links":{"self":[{"href":"https:\/\/www.ischile.cl\/index.php\/wp-json\/wp\/v2\/member\/4024","targetHints":{"allow":["GET"]}}],"collection":[{"href":"https:\/\/www.ischile.cl\/index.php\/wp-json\/wp\/v2\/member"}],"about":[{"href":"https:\/\/www.ischile.cl\/index.php\/wp-json\/wp\/v2\/types\/member"}],"replies":[{"embeddable":true,"href":"https:\/\/www.ischile.cl\/index.php\/wp-json\/wp\/v2\/comments?post=4024"}],"wp:featuredmedia":[{"embeddable":true,"href":"https:\/\/www.ischile.cl\/index.php\/wp-json\/wp\/v2\/media\/4026"}],"wp:attachment":[{"href":"https:\/\/www.ischile.cl\/index.php\/wp-json\/wp\/v2\/media?parent=4024"}],"wp:term":[{"taxonomy":"member_cat","embeddable":true,"href":"https:\/\/www.ischile.cl\/index.php\/wp-json\/wp\/v2\/member_cat?post=4024"}],"curies":[{"name":"wp","href":"https:\/\/api.w.org\/{rel}","templated":true}]}}