{"id":4881,"date":"2025-04-21T18:11:18","date_gmt":"2025-04-21T21:11:18","guid":{"rendered":"https:\/\/www.ischile.cl\/?post_type=member&#038;p=4881"},"modified":"2025-04-25T13:19:09","modified_gmt":"2025-04-25T16:19:09","slug":"catalina-victoria-aranda-leyton-nunoa","status":"publish","type":"member","link":"https:\/\/www.ischile.cl\/index.php\/member\/catalina-victoria-aranda-leyton-nunoa\/","title":{"rendered":"Catalina Victoria Aranda Leyton"},"content":{"rendered":"<div class=\"wpb-content-wrapper\"><p>[vc_row][vc_column][vc_column_text]Terapeuta Ocupacional de la Universidad de Chile. Obtiene la certificaci\u00f3n chilena como especialista en Integraci\u00f3n Sensorial otorgada por ISChile (Reg.N\u00b0113) junto con la certificaci\u00f3n americana el a\u00f1o 2022 (USC, Reg. N\u00b02773). Participa como colaboradora en la comisi\u00f3n log\u00edstica del pr\u00f3ximo Congreso Latinoamericano de Integraci\u00f3n Sensorial &#8211; Chile 2023.<\/p>\n<p>Obtiene acreditaci\u00f3n cl\u00ednica en Autism Diagnostic Observational Schedule (ADOS-2, 2018). Cuenta con experiencia cl\u00ednica en poblaci\u00f3n infantojuvenil, en servicio p\u00fablico y privado, desde el a\u00f1o 2015. Se desempe\u00f1a actualmente en Centro Tim\u00f3n y Centro Pasos.[\/vc_column_text][vc_column_text]CORREO DE CONTACTO:\u00a0\u00a0<strong>to.catalina.aranda@gmail.com<\/strong><\/p>\n<p>REGISTRO NACIONAL DE PRESTADORES DE SALUD: 285701[\/vc_column_text][\/vc_column][\/vc_row]<\/p>\n<\/div>","protected":false},"featured_media":3921,"menu_order":0,"comment_status":"closed","ping_status":"closed","template":"","member_cat":[],"class_list":["post-4881","member","type-member","status-publish","has-post-thumbnail","hentry"],"acf":[],"_links":{"self":[{"href":"https:\/\/www.ischile.cl\/index.php\/wp-json\/wp\/v2\/member\/4881","targetHints":{"allow":["GET"]}}],"collection":[{"href":"https:\/\/www.ischile.cl\/index.php\/wp-json\/wp\/v2\/member"}],"about":[{"href":"https:\/\/www.ischile.cl\/index.php\/wp-json\/wp\/v2\/types\/member"}],"replies":[{"embeddable":true,"href":"https:\/\/www.ischile.cl\/index.php\/wp-json\/wp\/v2\/comments?post=4881"}],"wp:featuredmedia":[{"embeddable":true,"href":"https:\/\/www.ischile.cl\/index.php\/wp-json\/wp\/v2\/media\/3921"}],"wp:attachment":[{"href":"https:\/\/www.ischile.cl\/index.php\/wp-json\/wp\/v2\/media?parent=4881"}],"wp:term":[{"taxonomy":"member_cat","embeddable":true,"href":"https:\/\/www.ischile.cl\/index.php\/wp-json\/wp\/v2\/member_cat?post=4881"}],"curies":[{"name":"wp","href":"https:\/\/api.w.org\/{rel}","templated":true}]}}