{"id":4908,"date":"2025-04-25T14:14:07","date_gmt":"2025-04-25T17:14:07","guid":{"rendered":"https:\/\/www.ischile.cl\/?post_type=member&#038;p=4908"},"modified":"2025-04-25T14:15:37","modified_gmt":"2025-04-25T17:15:37","slug":"pamela-andrea-tapia-munoz-colina","status":"publish","type":"member","link":"https:\/\/www.ischile.cl\/index.php\/member\/pamela-andrea-tapia-munoz-colina\/","title":{"rendered":"Pamela Andrea Tapia Mu\u00f1oz"},"content":{"rendered":"<div class=\"wpb-content-wrapper\"><p>[vc_row][vc_column][vc_column_text]Terapeuta Ocupacional de la Universidad de Chile. Obtiene la certificaci\u00f3n chilena como especialista en Integraci\u00f3n Sensorial otorgada por ISChile (Reg.N\u00b0122) junto con la certificaci\u00f3n americana (USC, Reg. N\u00b02814) el a\u00f1o 2022.<\/p>\n<p>Cuenta con experiencia cl\u00ednica desde el a\u00f1o 2016, trabajando en Policl\u00ednico de Seguimiento del Prematuro Extremo y atenci\u00f3n cl\u00ednica en el servicio P\u00fablico (CRS Cordillera) y consulta particular en poblaci\u00f3n autista y con otros trastornos del neurodesarrollo. Se desempe\u00f1a actualmente en Casa Nogal y en Centro de Terapias Pucar\u00e1.[\/vc_column_text][vc_column_text]CORREO DE CONTACTO:<strong> pamelatapia.mun@gmail.com<br \/>\n<\/strong><\/p>\n<p>REGISTRO NACIONAL DE PRESTADORES DE SALUD: 406341[\/vc_column_text][\/vc_column][\/vc_row]<\/p>\n<\/div>","protected":false},"featured_media":4149,"menu_order":0,"comment_status":"closed","ping_status":"closed","template":"","member_cat":[],"class_list":["post-4908","member","type-member","status-publish","has-post-thumbnail","hentry"],"acf":[],"_links":{"self":[{"href":"https:\/\/www.ischile.cl\/index.php\/wp-json\/wp\/v2\/member\/4908","targetHints":{"allow":["GET"]}}],"collection":[{"href":"https:\/\/www.ischile.cl\/index.php\/wp-json\/wp\/v2\/member"}],"about":[{"href":"https:\/\/www.ischile.cl\/index.php\/wp-json\/wp\/v2\/types\/member"}],"replies":[{"embeddable":true,"href":"https:\/\/www.ischile.cl\/index.php\/wp-json\/wp\/v2\/comments?post=4908"}],"wp:featuredmedia":[{"embeddable":true,"href":"https:\/\/www.ischile.cl\/index.php\/wp-json\/wp\/v2\/media\/4149"}],"wp:attachment":[{"href":"https:\/\/www.ischile.cl\/index.php\/wp-json\/wp\/v2\/media?parent=4908"}],"wp:term":[{"taxonomy":"member_cat","embeddable":true,"href":"https:\/\/www.ischile.cl\/index.php\/wp-json\/wp\/v2\/member_cat?post=4908"}],"curies":[{"name":"wp","href":"https:\/\/api.w.org\/{rel}","templated":true}]}}